{"id":9,"date":"2020-05-18T08:56:11","date_gmt":"2020-05-18T08:56:11","guid":{"rendered":"https:\/\/zanimo-zen-nature.ch\/?page_id=9"},"modified":"2021-07-07T19:42:37","modified_gmt":"2021-07-07T19:42:37","slug":"a-propos-de-moi","status":"publish","type":"page","link":"https:\/\/zanimo-zen-nature.ch\/index.php\/a-propos-de-moi\/","title":{"rendered":"A propos de moi"},"content":{"rendered":"\n<h4 class=\"wp-block-heading\"><\/h4>\n\n\n\n<figure class=\"wp-block-image size-large is-resized is-style-rounded\"><img loading=\"lazy\" decoding=\"async\" src=\"https:\/\/zanimo-zen-nature.ch\/wp-content\/uploads\/2020\/05\/21743251_10214818055505153_947134449757309783_n.jpg\" alt=\"\" class=\"wp-image-37\" width=\"335\" height=\"223\" srcset=\"https:\/\/zanimo-zen-nature.ch\/wp-content\/uploads\/2020\/05\/21743251_10214818055505153_947134449757309783_n.jpg 960w, https:\/\/zanimo-zen-nature.ch\/wp-content\/uploads\/2020\/05\/21743251_10214818055505153_947134449757309783_n-300x200.jpg 300w, https:\/\/zanimo-zen-nature.ch\/wp-content\/uploads\/2020\/05\/21743251_10214818055505153_947134449757309783_n-768x512.jpg 768w\" sizes=\"(max-width: 335px) 100vw, 335px\" \/><\/figure>\n\n\n\n<h4 class=\"wp-block-heading\"><span style=\"color:#3b9a2f\" class=\"has-inline-color\">Virginie Blanc<\/span><\/h4>\n\n\n\n<p><\/p>\n\n\n\n<p>Employ\u00e9e de commerce de profession, passionn\u00e9e par les animaux depuis toute petite fille, j&rsquo;ai grandi dans la campagne entour\u00e9e de chats, de chiens et de chevaux.<br>Cavali\u00e8re propri\u00e9taire depuis de nombreuses ann\u00e9es, je connais le monde de la comp\u00e9tition et je suis aussi propri\u00e9taire de plusieurs chats, tous r\u00e9cup\u00e9r\u00e9s de la rue ou avec un pass\u00e9 difficile. <br>J\u2019ai pass\u00e9 ma vie \u00e0 sauver tous les animaux que je pouvais au grand d\u00e9sespoir de mes parents. J\u2019ai toujours su qu\u2019un jour, je voulais faire quelque chose pour eux, pour les aider dans leur quotidien ou les soigner.<\/p>\n\n\n\n<p>Depuis de nombreuses ann\u00e9es, j\u2019ai eu recours aux m\u00e9decines naturelles pour mes nombreux animaux, avec toujours de bons r\u00e9sultats et parfois m\u00eame l\u00e0 o\u00f9 il n\u2019y avait plus d\u2019espoir en m\u00e9decine traditionnelle. <br>C\u2019est en 2019 que le d\u00e9clic s\u2019est fait dans ma t\u00eate apr\u00e8s avoir aid\u00e9 une association qui oeuvre pour le sauvetage des chats. <\/p>\n\n\n\n<h4 class=\"wp-block-heading\"><span style=\"color:#3b9a2f\" class=\"has-inline-color\">Formations<\/span><\/h4>\n\n\n\n<p>2007 : Formation de massage Equin, Horsefeeling (Suisse)<br>2008 : Formation de stretching Equin, Horsefeeling (Suisse)<br>2012 : Formation pour la garde et soins de chevaux Haras national suisse Avenches<br>2019-2020 : Formation de fleurs de Bach pour animaux, Ekinesia Vanessa Chapuis, (Suisse)<br>2019-2020 : Formation de communication animale, Ekinesia Vanessa Chapuis et France Perriat, (Suisse)<br>2020: Formation de kin\u00e9siologie animale, Labell\u00e9toile, (Suisse)<br>2021: Formation \u00e9nerg\u00e9tique et de radiesth\u00e9sie, Francis Favre, (Suisse)<br>2021: Formation de magn\u00e9tisme pour animaux, Florence Besnier, (Suisse)<br>2021: Formation acupressure pour animaux, KAMEA Karin Maillard Morel, (Suisse)<br>2021: Formation continue (naturopathie et nutrition pour animaux), (Suisse)<\/p>\n","protected":false},"excerpt":{"rendered":"<p>Virginie Blanc Employ\u00e9e de commerce de profession, passionn\u00e9e par les animaux depuis toute petite fille, j&rsquo;ai grandi dans la campagne entour\u00e9e de chats, de chiens et de chevaux.Cavali\u00e8re propri\u00e9taire depuis de nombreuses ann\u00e9es, je connais le monde de la comp\u00e9tition et je suis aussi propri\u00e9taire de plusieurs chats, tous r\u00e9cup\u00e9r\u00e9s de la rue ou avec un pass\u00e9 difficile. J\u2019ai pass\u00e9 ma vie \u00e0 sauver tous les animaux que je pouvais au grand d\u00e9sespoir de mes parents. J\u2019ai toujours su qu\u2019un jour, je voulais faire quelque chose pour eux, pour les aider dans leur quotidien ou les soigner. Depuis de nombreuses ann\u00e9es, j\u2019ai eu recours aux m\u00e9decines naturelles pour mes nombreux animaux, avec toujours de bons r\u00e9sultats et parfois m\u00eame l\u00e0 o\u00f9 il n\u2019y avait plus d\u2019espoir en m\u00e9decine traditionnelle. C\u2019est en 2019 que le d\u00e9clic s\u2019est fait dans ma t\u00eate apr\u00e8s avoir aid\u00e9 une association qui oeuvre pour le sauvetage des chats. Formations 2007 : Formation de massage Equin, Horsefeeling (Suisse)2008 : Formation de stretching Equin, Horsefeeling (Suisse)2012 : Formation pour la garde et soins de chevaux Haras national suisse Avenches2019-2020 : Formation de fleurs de Bach pour animaux, Ekinesia Vanessa Chapuis, (Suisse)2019-2020 : Formation de communication animale, Ekinesia Vanessa Chapuis et France Perriat, (Suisse)2020: Formation de kin\u00e9siologie animale, Labell\u00e9toile, (Suisse)2021: Formation \u00e9nerg\u00e9tique et de radiesth\u00e9sie, Francis Favre, (Suisse)2021: Formation de magn\u00e9tisme pour animaux, Florence Besnier, (Suisse)2021: Formation acupressure pour animaux, KAMEA Karin Maillard Morel, (Suisse)2021: Formation continue (naturopathie et nutrition pour animaux), (Suisse)<\/p>\n","protected":false},"author":1,"featured_media":0,"parent":0,"menu_order":0,"comment_status":"closed","ping_status":"closed","template":"","meta":{"footnotes":""},"yoast_head":"<!-- This site is optimized with the Yoast SEO plugin v23.5 - https:\/\/yoast.com\/wordpress\/plugins\/seo\/ -->\n<title>A propos de moi -<\/title>\n<meta name=\"robots\" content=\"index, follow, max-snippet:-1, max-image-preview:large, max-video-preview:-1\" \/>\n<link rel=\"canonical\" href=\"https:\/\/zanimo-zen-nature.ch\/index.php\/a-propos-de-moi\/\" \/>\n<meta property=\"og:locale\" content=\"fr_FR\" \/>\n<meta property=\"og:type\" content=\"article\" \/>\n<meta property=\"og:title\" content=\"A propos de moi -\" \/>\n<meta property=\"og:description\" content=\"Virginie Blanc Employ\u00e9e de commerce de profession, passionn\u00e9e par les animaux depuis toute petite fille, j&rsquo;ai grandi dans la campagne entour\u00e9e de chats, de chiens et de chevaux.Cavali\u00e8re propri\u00e9taire depuis de nombreuses ann\u00e9es, je connais le monde de la comp\u00e9tition et je suis aussi propri\u00e9taire de plusieurs chats, tous r\u00e9cup\u00e9r\u00e9s de la rue ou avec un pass\u00e9 difficile. J\u2019ai pass\u00e9 ma vie \u00e0 sauver tous les animaux que je pouvais au grand d\u00e9sespoir de mes parents. J\u2019ai toujours su qu\u2019un jour, je voulais faire quelque chose pour eux, pour les aider dans leur quotidien ou les soigner. Depuis de nombreuses ann\u00e9es, j\u2019ai eu recours aux m\u00e9decines naturelles pour mes nombreux animaux, avec toujours de bons r\u00e9sultats et parfois m\u00eame l\u00e0 o\u00f9 il n\u2019y avait plus d\u2019espoir en m\u00e9decine traditionnelle. C\u2019est en 2019 que le d\u00e9clic s\u2019est fait dans ma t\u00eate apr\u00e8s avoir aid\u00e9 une association qui oeuvre pour le sauvetage des chats. Formations 2007 : Formation de massage Equin, Horsefeeling (Suisse)2008 : Formation de stretching Equin, Horsefeeling (Suisse)2012 : Formation pour la garde et soins de chevaux Haras national suisse Avenches2019-2020 : Formation de fleurs de Bach pour animaux, Ekinesia Vanessa Chapuis, (Suisse)2019-2020 : Formation de communication animale, Ekinesia Vanessa Chapuis et France Perriat, (Suisse)2020: Formation de kin\u00e9siologie animale, Labell\u00e9toile, (Suisse)2021: Formation \u00e9nerg\u00e9tique et de radiesth\u00e9sie, Francis Favre, (Suisse)2021: Formation de magn\u00e9tisme pour animaux, Florence Besnier, (Suisse)2021: Formation acupressure pour animaux, KAMEA Karin Maillard Morel, (Suisse)2021: Formation continue (naturopathie et nutrition pour animaux), (Suisse)\" \/>\n<meta property=\"og:url\" content=\"https:\/\/zanimo-zen-nature.ch\/index.php\/a-propos-de-moi\/\" \/>\n<meta property=\"article:publisher\" content=\"https:\/\/www.facebook.com\/Zanimo-Zen-Nature-100558734998537\/?modal=admin_todo_tour\" \/>\n<meta property=\"article:modified_time\" content=\"2021-07-07T19:42:37+00:00\" \/>\n<meta property=\"og:image\" content=\"https:\/\/zanimo-zen-nature.ch\/wp-content\/uploads\/2020\/05\/21743251_10214818055505153_947134449757309783_n.jpg\" \/>\n<meta name=\"twitter:card\" content=\"summary_large_image\" \/>\n<meta name=\"twitter:label1\" content=\"Dur\u00e9e de lecture estim\u00e9e\" \/>\n\t<meta name=\"twitter:data1\" content=\"1 minute\" \/>\n<script type=\"application\/ld+json\" class=\"yoast-schema-graph\">{\"@context\":\"https:\/\/schema.org\",\"@graph\":[{\"@type\":\"WebPage\",\"@id\":\"https:\/\/zanimo-zen-nature.ch\/index.php\/a-propos-de-moi\/\",\"url\":\"https:\/\/zanimo-zen-nature.ch\/index.php\/a-propos-de-moi\/\",\"name\":\"A propos de moi -\",\"isPartOf\":{\"@id\":\"https:\/\/zanimo-zen-nature.ch\/#website\"},\"primaryImageOfPage\":{\"@id\":\"https:\/\/zanimo-zen-nature.ch\/index.php\/a-propos-de-moi\/#primaryimage\"},\"image\":{\"@id\":\"https:\/\/zanimo-zen-nature.ch\/index.php\/a-propos-de-moi\/#primaryimage\"},\"thumbnailUrl\":\"https:\/\/zanimo-zen-nature.ch\/wp-content\/uploads\/2020\/05\/21743251_10214818055505153_947134449757309783_n.jpg\",\"datePublished\":\"2020-05-18T08:56:11+00:00\",\"dateModified\":\"2021-07-07T19:42:37+00:00\",\"breadcrumb\":{\"@id\":\"https:\/\/zanimo-zen-nature.ch\/index.php\/a-propos-de-moi\/#breadcrumb\"},\"inLanguage\":\"fr-FR\",\"potentialAction\":[{\"@type\":\"ReadAction\",\"target\":[\"https:\/\/zanimo-zen-nature.ch\/index.php\/a-propos-de-moi\/\"]}]},{\"@type\":\"ImageObject\",\"inLanguage\":\"fr-FR\",\"@id\":\"https:\/\/zanimo-zen-nature.ch\/index.php\/a-propos-de-moi\/#primaryimage\",\"url\":\"https:\/\/zanimo-zen-nature.ch\/wp-content\/uploads\/2020\/05\/21743251_10214818055505153_947134449757309783_n.jpg\",\"contentUrl\":\"https:\/\/zanimo-zen-nature.ch\/wp-content\/uploads\/2020\/05\/21743251_10214818055505153_947134449757309783_n.jpg\",\"width\":960,\"height\":640},{\"@type\":\"BreadcrumbList\",\"@id\":\"https:\/\/zanimo-zen-nature.ch\/index.php\/a-propos-de-moi\/#breadcrumb\",\"itemListElement\":[{\"@type\":\"ListItem\",\"position\":1,\"name\":\"Accueil\",\"item\":\"https:\/\/zanimo-zen-nature.ch\/\"},{\"@type\":\"ListItem\",\"position\":2,\"name\":\"A propos de moi\"}]},{\"@type\":\"WebSite\",\"@id\":\"https:\/\/zanimo-zen-nature.ch\/#website\",\"url\":\"https:\/\/zanimo-zen-nature.ch\/\",\"name\":\"\",\"description\":\"\",\"potentialAction\":[{\"@type\":\"SearchAction\",\"target\":{\"@type\":\"EntryPoint\",\"urlTemplate\":\"https:\/\/zanimo-zen-nature.ch\/?s={search_term_string}\"},\"query-input\":{\"@type\":\"PropertyValueSpecification\",\"valueRequired\":true,\"valueName\":\"search_term_string\"}}],\"inLanguage\":\"fr-FR\"}]}<\/script>\n<!-- \/ Yoast SEO plugin. -->","yoast_head_json":{"title":"A propos de moi -","robots":{"index":"index","follow":"follow","max-snippet":"max-snippet:-1","max-image-preview":"max-image-preview:large","max-video-preview":"max-video-preview:-1"},"canonical":"https:\/\/zanimo-zen-nature.ch\/index.php\/a-propos-de-moi\/","og_locale":"fr_FR","og_type":"article","og_title":"A propos de moi -","og_description":"Virginie Blanc Employ\u00e9e de commerce de profession, passionn\u00e9e par les animaux depuis toute petite fille, j&rsquo;ai grandi dans la campagne entour\u00e9e de chats, de chiens et de chevaux.Cavali\u00e8re propri\u00e9taire depuis de nombreuses ann\u00e9es, je connais le monde de la comp\u00e9tition et je suis aussi propri\u00e9taire de plusieurs chats, tous r\u00e9cup\u00e9r\u00e9s de la rue ou avec un pass\u00e9 difficile. J\u2019ai pass\u00e9 ma vie \u00e0 sauver tous les animaux que je pouvais au grand d\u00e9sespoir de mes parents. J\u2019ai toujours su qu\u2019un jour, je voulais faire quelque chose pour eux, pour les aider dans leur quotidien ou les soigner. Depuis de nombreuses ann\u00e9es, j\u2019ai eu recours aux m\u00e9decines naturelles pour mes nombreux animaux, avec toujours de bons r\u00e9sultats et parfois m\u00eame l\u00e0 o\u00f9 il n\u2019y avait plus d\u2019espoir en m\u00e9decine traditionnelle. C\u2019est en 2019 que le d\u00e9clic s\u2019est fait dans ma t\u00eate apr\u00e8s avoir aid\u00e9 une association qui oeuvre pour le sauvetage des chats. Formations 2007 : Formation de massage Equin, Horsefeeling (Suisse)2008 : Formation de stretching Equin, Horsefeeling (Suisse)2012 : Formation pour la garde et soins de chevaux Haras national suisse Avenches2019-2020 : Formation de fleurs de Bach pour animaux, Ekinesia Vanessa Chapuis, (Suisse)2019-2020 : Formation de communication animale, Ekinesia Vanessa Chapuis et France Perriat, (Suisse)2020: Formation de kin\u00e9siologie animale, Labell\u00e9toile, (Suisse)2021: Formation \u00e9nerg\u00e9tique et de radiesth\u00e9sie, Francis Favre, (Suisse)2021: Formation de magn\u00e9tisme pour animaux, Florence Besnier, (Suisse)2021: Formation acupressure pour animaux, KAMEA Karin Maillard Morel, (Suisse)2021: Formation continue (naturopathie et nutrition pour animaux), (Suisse)","og_url":"https:\/\/zanimo-zen-nature.ch\/index.php\/a-propos-de-moi\/","article_publisher":"https:\/\/www.facebook.com\/Zanimo-Zen-Nature-100558734998537\/?modal=admin_todo_tour","article_modified_time":"2021-07-07T19:42:37+00:00","og_image":[{"url":"https:\/\/zanimo-zen-nature.ch\/wp-content\/uploads\/2020\/05\/21743251_10214818055505153_947134449757309783_n.jpg"}],"twitter_card":"summary_large_image","twitter_misc":{"Dur\u00e9e de lecture estim\u00e9e":"1 minute"},"schema":{"@context":"https:\/\/schema.org","@graph":[{"@type":"WebPage","@id":"https:\/\/zanimo-zen-nature.ch\/index.php\/a-propos-de-moi\/","url":"https:\/\/zanimo-zen-nature.ch\/index.php\/a-propos-de-moi\/","name":"A propos de moi -","isPartOf":{"@id":"https:\/\/zanimo-zen-nature.ch\/#website"},"primaryImageOfPage":{"@id":"https:\/\/zanimo-zen-nature.ch\/index.php\/a-propos-de-moi\/#primaryimage"},"image":{"@id":"https:\/\/zanimo-zen-nature.ch\/index.php\/a-propos-de-moi\/#primaryimage"},"thumbnailUrl":"https:\/\/zanimo-zen-nature.ch\/wp-content\/uploads\/2020\/05\/21743251_10214818055505153_947134449757309783_n.jpg","datePublished":"2020-05-18T08:56:11+00:00","dateModified":"2021-07-07T19:42:37+00:00","breadcrumb":{"@id":"https:\/\/zanimo-zen-nature.ch\/index.php\/a-propos-de-moi\/#breadcrumb"},"inLanguage":"fr-FR","potentialAction":[{"@type":"ReadAction","target":["https:\/\/zanimo-zen-nature.ch\/index.php\/a-propos-de-moi\/"]}]},{"@type":"ImageObject","inLanguage":"fr-FR","@id":"https:\/\/zanimo-zen-nature.ch\/index.php\/a-propos-de-moi\/#primaryimage","url":"https:\/\/zanimo-zen-nature.ch\/wp-content\/uploads\/2020\/05\/21743251_10214818055505153_947134449757309783_n.jpg","contentUrl":"https:\/\/zanimo-zen-nature.ch\/wp-content\/uploads\/2020\/05\/21743251_10214818055505153_947134449757309783_n.jpg","width":960,"height":640},{"@type":"BreadcrumbList","@id":"https:\/\/zanimo-zen-nature.ch\/index.php\/a-propos-de-moi\/#breadcrumb","itemListElement":[{"@type":"ListItem","position":1,"name":"Accueil","item":"https:\/\/zanimo-zen-nature.ch\/"},{"@type":"ListItem","position":2,"name":"A propos de moi"}]},{"@type":"WebSite","@id":"https:\/\/zanimo-zen-nature.ch\/#website","url":"https:\/\/zanimo-zen-nature.ch\/","name":"","description":"","potentialAction":[{"@type":"SearchAction","target":{"@type":"EntryPoint","urlTemplate":"https:\/\/zanimo-zen-nature.ch\/?s={search_term_string}"},"query-input":{"@type":"PropertyValueSpecification","valueRequired":true,"valueName":"search_term_string"}}],"inLanguage":"fr-FR"}]}},"_links":{"self":[{"href":"https:\/\/zanimo-zen-nature.ch\/index.php\/wp-json\/wp\/v2\/pages\/9"}],"collection":[{"href":"https:\/\/zanimo-zen-nature.ch\/index.php\/wp-json\/wp\/v2\/pages"}],"about":[{"href":"https:\/\/zanimo-zen-nature.ch\/index.php\/wp-json\/wp\/v2\/types\/page"}],"author":[{"embeddable":true,"href":"https:\/\/zanimo-zen-nature.ch\/index.php\/wp-json\/wp\/v2\/users\/1"}],"replies":[{"embeddable":true,"href":"https:\/\/zanimo-zen-nature.ch\/index.php\/wp-json\/wp\/v2\/comments?post=9"}],"version-history":[{"count":25,"href":"https:\/\/zanimo-zen-nature.ch\/index.php\/wp-json\/wp\/v2\/pages\/9\/revisions"}],"predecessor-version":[{"id":1065,"href":"https:\/\/zanimo-zen-nature.ch\/index.php\/wp-json\/wp\/v2\/pages\/9\/revisions\/1065"}],"wp:attachment":[{"href":"https:\/\/zanimo-zen-nature.ch\/index.php\/wp-json\/wp\/v2\/media?parent=9"}],"curies":[{"name":"wp","href":"https:\/\/api.w.org\/{rel}","templated":true}]}}